{"id":11876,"date":"2020-12-22T11:57:01","date_gmt":"2020-12-22T10:57:01","guid":{"rendered":"https:\/\/www.terresens.com\/?page_id=11876"},"modified":"2022-03-11T10:03:36","modified_gmt":"2022-03-11T09:03:36","slug":"marques","status":"publish","type":"page","link":"https:\/\/www.terresens.com\/fr\/le-groupe-2\/marques\/","title":{"rendered":"Filiales et Marques Terr\u00e9sens"},"content":{"rendered":"<p>[vc_row][vc_column][vc_column_text]<\/p>\n<h3><span style=\"color: #444444;\">D\u00e9couvrez ci-dessous les marques et filiales du groupe Terr\u00e9sens.<br \/>\n<\/span><\/h3>\n<p>&nbsp;<\/p>\n<p>[\/vc_column_text][\/vc_column][\/vc_row][vc_row][vc_column][vc_column_text]<\/p>\n<h2><span class=\"cta\">Les marques du groupe Terr\u00e9sens<\/span><\/h2>\n<p>[\/vc_column_text][\/vc_column][\/vc_row][vc_row gap=\u00a0\u00bb35&Prime;][vc_column width=\u00a0\u00bb1\/3&Prime;][vc_column_text]<\/p>\n<p style=\"text-align: justify;\"><span style=\"color: #444444;\"><img loading=\"lazy\" decoding=\"async\" class=\"aligncenter wp-image-22799 size-large\" src=\"https:\/\/www.terresens.com\/wp-content\/uploads\/2022\/03\/Logo-HR-quadri2-700x499.png\" alt=\"\" width=\"700\" height=\"499\" srcset=\"https:\/\/www.terresens.com\/wp-content\/uploads\/2022\/03\/Logo-HR-quadri2-700x499.png 700w, https:\/\/www.terresens.com\/wp-content\/uploads\/2022\/03\/Logo-HR-quadri2-250x178.png 250w, https:\/\/www.terresens.com\/wp-content\/uploads\/2022\/03\/Logo-HR-quadri2-768x547.png 768w, https:\/\/www.terresens.com\/wp-content\/uploads\/2022\/03\/Logo-HR-quadri2-1536x1095.png 1536w, https:\/\/www.terresens.com\/wp-content\/uploads\/2022\/03\/Logo-HR-quadri2-120x86.png 120w, https:\/\/www.terresens.com\/wp-content\/uploads\/2022\/03\/Logo-HR-quadri2.png 1705w\" sizes=\"auto, (max-width: 700px) 100vw, 700px\" \/><\/span><\/p>\n<p style=\"text-align: justify;\"><strong><span style=\"color: #444444;\">Terr\u00e9sens &#8211; H\u00f4tels &amp; R\u00e9sidences :<br \/>\nLocation de biens d&rsquo;exception \u00e0 la mer et \u00e0 la montagne <\/span><\/strong><\/p>\n<p style=\"text-align: justify;\"><span style=\"color: #444444;\">Depuis 2013, le groupe Terr\u00e9sens dispose d\u2019une nouvelle filiale de gestion se nommant \u00ab Terr\u00e9sens Vacances \u00bb. Elle est en charge de la gestion des copropri\u00e9t\u00e9s r\u00e9sidentielles de tourisme (CRT). Depuis 2015, Terr\u00e9sens Vacances, exploit\u00e9e sous la marque de \u00ab\u00a0Terr\u00e9sens- H\u00f4tels &amp; R\u00e9sidences\u00a0\u00bb\u00a0 g\u00e8re pour compte des propri\u00e9taires leur appartement. \u00ab\u00a0Terr\u00e9sens- H\u00f4tels &amp; R\u00e9sidences\u00a0\u00bb veille au bon fonctionnement de leur s\u00e9jour en s\u2019occupant du m\u00e9nage, de l\u2019entretien, du suivi technique des appartements et des parties communes.<\/span><\/p>\n<p style=\"text-align: justify;\"><span style=\"color: #444444;\">\u00ab\u00a0Terr\u00e9sens- H\u00f4tels &amp; R\u00e9sidences\u00a0\u00bb intervient \u00e9galement aupr\u00e8s du grand public. Nous proposons des biens en location \u00e0 la montagne et \u00e0 la mer, id\u00e9alement situ\u00e9s et haut de gamme : appartements, chalets mais encore des villas pour des s\u00e9jours inoubliables ! Cosy et spacieux, les biens sont localis\u00e9s dans des destinations touristiques, et disposent d\u2019une position strat\u00e9gique (centre-station, ski au pieds, vue sur mer) et b\u00e9n\u00e9ficient d\u2019une d\u00e9coration chaleureuse, authentique et raffin\u00e9e. Tout est pens\u00e9 pour que chacun se sente comme \u00e0 la maison.<\/span><\/p>\n<p style=\"text-align: justify;\"><span style=\"color: #444444;\">Retrouvez d\u2019avantages d\u2019informations sur la marque \u00ab\u00a0Terr\u00e9sens- H\u00f4tels &amp; R\u00e9sidences\u00a0\u00bb en cliquant juste <a style=\"color: #444444;\" href=\"https:\/\/www.terresens.com\/fr\/download\/brochure-msh\/\"><em><u>ici<\/u><\/em><\/a>\u00a0ou sur <em><a style=\"color: #444444;\" href=\"http:\/\/www.terresens-msh.com\">www.terresens-msh.com<\/a><\/em> !<\/span><\/p>\n<p>[\/vc_column_text][\/vc_column][vc_column width=\u00a0\u00bb1\/3&Prime;][vc_column_text]<\/p>\n<p style=\"text-align: justify;\"><span style=\"color: #444444;\"><a href=\"https:\/\/www.terresens.com\/wp-content\/uploads\/2019\/02\/DADDY-POOL-LOGO.png\"><img loading=\"lazy\" decoding=\"async\" width=\"236\" height=\"236\" class=\"aligncenter size-full wp-image-9923\" src=\"https:\/\/www.terresens.com\/wp-content\/uploads\/2019\/02\/DADDY-POOL-LOGO.png\" alt=\"\" srcset=\"https:\/\/www.terresens.com\/wp-content\/uploads\/2019\/02\/DADDY-POOL-LOGO.png 236w, https:\/\/www.terresens.com\/wp-content\/uploads\/2019\/02\/DADDY-POOL-LOGO-150x150.png 150w, https:\/\/www.terresens.com\/wp-content\/uploads\/2019\/02\/DADDY-POOL-LOGO-120x120.png 120w\" sizes=\"auto, (max-width: 236px) 100vw, 236px\" \/><\/a><\/span><\/p>\n<p style=\"text-align: justify;\"><strong><span style=\"color: #444444;\">Daddy Pool<br \/>\n<\/span><span style=\"color: #444444;\">Une nouvelle g\u00e9n\u00e9ration d&rsquo;h\u00f4tels pour une nouvelle g\u00e9n\u00e9ration de clients !<\/span><\/strong><\/p>\n<p style=\"text-align: justify;\"><span style=\"color: #444444;\">Nouveau concept du Groupe Terr\u00e9sens, Daddy Pool exploite des petits h\u00f4tels ou des r\u00e9sidences h\u00f4teli\u00e8res en station situ\u00e9s sur des emplacements premium\u00a0: proche des remont\u00e9es m\u00e9caniques, au pied des pistes, centre-station \u2026 Daddy Pool vous accueille dans une ambiance conviviale et familiale et s\u2019adapte \u00e0 une large client\u00e8le.<\/span><\/p>\n<p style=\"text-align: justify;\"><span style=\"color: #444444;\">Une nouvelle g\u00e9n\u00e9ration d\u2019h\u00f4tel pens\u00e9e pour une nouvelle g\u00e9n\u00e9ration de clients\u00a0: tel est le concept de Daddy Pool\u00a0! \u00a0<\/span><\/p>\n<p style=\"text-align: justify;\"><span style=\"color: #444444;\">Le principe est de proposer des appartements h\u00f4teliers compos\u00e9s d\u2019un sas, d\u2019une suite h\u00f4teli\u00e8re junior et de l\u2019autre c\u00f4t\u00e9 une suite h\u00f4teli\u00e8re master poss\u00e9dant une cuisine et un dortoir. L\u2019id\u00e9e \u00e9tant de louer ses 2 espaces ensemble ou s\u00e9par\u00e9ment permettant ainsi l\u2019accueil d\u2019un vaste panel de client\u00e8le.<\/span><\/p>\n<p style=\"text-align: justify;\"><span style=\"color: #444444;\">Confort et hospitalit\u00e9, chaleur et s\u00e9r\u00e9nit\u00e9 se conjuguent \u00e0 la douceur de vivre en mode Daddy Pool pour des vacances m\u00e9morables\u00a0!<\/span><\/p>\n<p style=\"text-align: justify;\"><span style=\"color: #444444;\">Retrouvez d\u2019avantages d\u2019informations sur le concept Daddy Pool en cliquant juste <a style=\"color: #444444;\" href=\"https:\/\/www.terresens.com\/fr\/download\/plaquette-daddy-pool\/\"><em><u>ici<\/u><\/em><\/a>\u00a0!<\/span><\/p>\n<p>[\/vc_column_text][\/vc_column][\/vc_row][vc_row gap=\u00a0\u00bb35&Prime;][vc_column][vc_column_text]<\/p>\n<h2><strong><span class=\"cta\">Les filiales du groupe Terr\u00e9sens<\/span><\/strong><\/h2>\n<p>[\/vc_column_text][\/vc_column][\/vc_row][vc_row gap=\u00a0\u00bb35&Prime;][vc_column width=\u00a0\u00bb1\/3&Prime;][vc_column_text]<img loading=\"lazy\" decoding=\"async\" class=\"wp-image-11836 size-full aligncenter\" src=\"https:\/\/www.terresens.com\/wp-content\/uploads\/2019\/05\/606.png\" alt=\"\" width=\"236\" height=\"236\" srcset=\"https:\/\/www.terresens.com\/wp-content\/uploads\/2019\/05\/606.png 236w, https:\/\/www.terresens.com\/wp-content\/uploads\/2019\/05\/606-150x150.png 150w, https:\/\/www.terresens.com\/wp-content\/uploads\/2019\/05\/606-120x120.png 120w\" sizes=\"auto, (max-width: 236px) 100vw, 236px\" \/><strong>\u00ab\u00a0606 Valorisations\u00a0\u00bb\u00a0:<br \/>\n<\/strong><strong>Filiale de portage du groupe Terr\u00e9sens. <\/strong><\/p>\n<p style=\"text-align: justify;\">Afin de valoriser son c\u0153ur de m\u00e9tier, \u00e0 savoir la promotion immobili\u00e8re, le groupe Terr\u00e9sens a cr\u00e9\u00e9 la filiale \u00ab\u00a0606 Valorisations\u00a0\u00bb.<\/p>\n<p style=\"text-align: justify;\">Elle permet au Groupe de financer et porter ses op\u00e9rations immobili\u00e8res en montagne. \u00ab\u00a0606 Valorisations\u00a0\u00bb portera jusqu&rsquo;\u00e0 30%\u00a0des programmes immobiliers initi\u00e9s par le Groupe, gr\u00e2ce \u00e0 une lev\u00e9e de dettes de 68 millions d\u2019euros.<\/p>\n<p style=\"text-align: justify;\">Cette filiale conforte la strat\u00e9gie de Terr\u00e9sens, \u00e0 savoir le d\u00e9veloppement de lits chauds dans les Alpes.<\/p>\n<p>[\/vc_column_text][\/vc_column][vc_column width=\u00a0\u00bb1\/3&Prime;][vc_column_text]<\/p>\n<p style=\"text-align: justify;\"><span style=\"color: #444444;\"><img loading=\"lazy\" decoding=\"async\" class=\"aligncenter wp-image-11867 size-full\" src=\"https:\/\/www.terresens.com\/wp-content\/uploads\/2019\/05\/TS-FI.png\" alt=\"\" width=\"236\" height=\"236\" srcset=\"https:\/\/www.terresens.com\/wp-content\/uploads\/2019\/05\/TS-FI.png 236w, https:\/\/www.terresens.com\/wp-content\/uploads\/2019\/05\/TS-FI-150x150.png 150w, https:\/\/www.terresens.com\/wp-content\/uploads\/2019\/05\/TS-FI-120x120.png 120w\" sizes=\"auto, (max-width: 236px) 100vw, 236px\" \/><\/span><\/p>\n<p>[\/vc_column_text][\/vc_column][vc_column width=\u00a0\u00bb1\/3&Prime;][vc_column_text]<img loading=\"lazy\" decoding=\"async\" class=\"aligncenter wp-image-22807 size-medium\" src=\"https:\/\/www.terresens.com\/wp-content\/uploads\/2022\/03\/TERRESENS-ATLANTIQUE-250x181.jpg\" alt=\"\" width=\"250\" height=\"181\" srcset=\"https:\/\/www.terresens.com\/wp-content\/uploads\/2022\/03\/TERRESENS-ATLANTIQUE-250x181.jpg 250w, https:\/\/www.terresens.com\/wp-content\/uploads\/2022\/03\/TERRESENS-ATLANTIQUE-700x508.jpg 700w, https:\/\/www.terresens.com\/wp-content\/uploads\/2022\/03\/TERRESENS-ATLANTIQUE-768x557.jpg 768w, https:\/\/www.terresens.com\/wp-content\/uploads\/2022\/03\/TERRESENS-ATLANTIQUE-1536x1114.jpg 1536w, https:\/\/www.terresens.com\/wp-content\/uploads\/2022\/03\/TERRESENS-ATLANTIQUE-2048x1485.jpg 2048w, https:\/\/www.terresens.com\/wp-content\/uploads\/2022\/03\/TERRESENS-ATLANTIQUE-120x87.jpg 120w\" sizes=\"auto, (max-width: 250px) 100vw, 250px\" \/>[\/vc_column_text][\/vc_column][\/vc_row][vc_row][vc_column][\/vc_column][\/vc_row]<\/p>\n","protected":false},"excerpt":{"rendered":"[vc_row][vc_column][vc_column_text] D\u00e9couvrez ci-dessous les marques et filiales du groupe Terr\u00e9sens. &nbsp; [\/vc_column_text][\/vc_column][\/vc_row][vc_row][vc_column][vc_column_text] Les marques du groupe Terr\u00e9sens [\/vc_column_text][\/vc_column][\/vc_row][vc_row gap=\u00a0\u00bb35&Prime;][vc_column width=\u00a0\u00bb1\/3&Prime;][vc_column_text] Terr\u00e9sens &#8211; H\u00f4tels &amp; R\u00e9sidences : Location de biens d&rsquo;exception \u00e0 la mer et \u00e0 la montagne Depuis 2013, le groupe Terr\u00e9sens dispose d\u2019une nouvelle filiale de gestion se nommant \u00ab Terr\u00e9sens Vacances \u00bb. Elle\u2026","protected":false},"author":18,"featured_media":10189,"parent":12,"menu_order":67,"comment_status":"closed","ping_status":"closed","template":"","meta":{"footnotes":""},"class_list":["post-11876","page","type-page","status-publish","has-post-thumbnail","hentry"],"acf":[],"_links":{"self":[{"href":"https:\/\/www.terresens.com\/fr\/wp-json\/wp\/v2\/pages\/11876","targetHints":{"allow":["GET"]}}],"collection":[{"href":"https:\/\/www.terresens.com\/fr\/wp-json\/wp\/v2\/pages"}],"about":[{"href":"https:\/\/www.terresens.com\/fr\/wp-json\/wp\/v2\/types\/page"}],"author":[{"embeddable":true,"href":"https:\/\/www.terresens.com\/fr\/wp-json\/wp\/v2\/users\/18"}],"replies":[{"embeddable":true,"href":"https:\/\/www.terresens.com\/fr\/wp-json\/wp\/v2\/comments?post=11876"}],"version-history":[{"count":6,"href":"https:\/\/www.terresens.com\/fr\/wp-json\/wp\/v2\/pages\/11876\/revisions"}],"predecessor-version":[{"id":22815,"href":"https:\/\/www.terresens.com\/fr\/wp-json\/wp\/v2\/pages\/11876\/revisions\/22815"}],"up":[{"embeddable":true,"href":"https:\/\/www.terresens.com\/fr\/wp-json\/wp\/v2\/pages\/12"}],"wp:featuredmedia":[{"embeddable":true,"href":"https:\/\/www.terresens.com\/fr\/wp-json\/wp\/v2\/media\/10189"}],"wp:attachment":[{"href":"https:\/\/www.terresens.com\/fr\/wp-json\/wp\/v2\/media?parent=11876"}],"curies":[{"name":"wp","href":"https:\/\/api.w.org\/{rel}","templated":true}]}}